{"id":776,"date":"2022-03-14T15:32:54","date_gmt":"2022-03-14T14:32:54","guid":{"rendered":"https:\/\/giteaufonddujardin.be\/conditions-generales\/"},"modified":"2022-04-15T11:25:20","modified_gmt":"2022-04-15T09:25:20","slug":"algemene-voorwaarden","status":"publish","type":"page","link":"https:\/\/giteaufonddujardin.be\/nl\/algemene-voorwaarden\/","title":{"rendered":"Algemene voorwaarden"},"content":{"rendered":"<p>[et_pb_section fb_built=&#8221;1&#8243; custom_padding_last_edited=&#8221;on|tablet&#8221; admin_label=&#8221;section 2&#8243; module_id=&#8221;presentation&#8221; _builder_version=&#8221;4.16&#8243; _module_preset=&#8221;default&#8221; custom_padding=&#8221;0px||23px|||&#8221; custom_padding_tablet=&#8221;0px||50px||false|false&#8221; custom_padding_phone=&#8221;0px||50px||false|false&#8221; global_colors_info=&#8221;{}&#8221;][et_pb_row use_custom_gutter=&#8221;on&#8221; gutter_width=&#8221;2&#8243; make_equal=&#8221;on&#8221; custom_padding_last_edited=&#8221;on|phone&#8221; _builder_version=&#8221;4.16&#8243; _module_preset=&#8221;default&#8221; width=&#8221;90%&#8221; width_tablet=&#8221;90%&#8221; width_phone=&#8221;90%&#8221; width_last_edited=&#8221;on|tablet&#8221; max_width=&#8221;1300px&#8221; max_width_tablet=&#8221;90%&#8221; max_width_phone=&#8221;90%&#8221; max_width_last_edited=&#8221;on|desktop&#8221; custom_padding=&#8221;120px||60px||false|false&#8221; custom_padding_tablet=&#8221;120px||0px|||&#8221; custom_padding_phone=&#8221;80px||0px||false|false&#8221; global_colors_info=&#8221;{}&#8221;][et_pb_column type=&#8221;4_4&#8243; _builder_version=&#8221;4.16&#8243; _module_preset=&#8221;default&#8221; global_colors_info=&#8221;{}&#8221;][et_pb_text _builder_version=&#8221;4.16&#8243; _module_preset=&#8221;default&#8221; text_font=&#8221;Hind|300|||||||&#8221; text_text_color=&#8221;#4d4d4d&#8221; text_font_size=&#8221;18px&#8221; text_line_height=&#8221;1.6em&#8221; header_font=&#8221;Josefin Sans|300|||||||&#8221; header_text_color=&#8221;#b54d30&#8243; header_font_size=&#8221;50px&#8221; header_2_font=&#8221;Josefin Sans|300|||||||&#8221; header_2_text_align=&#8221;center&#8221; header_2_text_color=&#8221;#b54d30&#8243; header_2_font_size=&#8221;45px&#8221; header_3_font=&#8221;Cormorant||||||||&#8221; header_3_text_align=&#8221;center&#8221; header_3_text_color=&#8221;#000000&#8243; header_3_font_size=&#8221;43px&#8221; text_orientation=&#8221;center&#8221; header_font_size_tablet=&#8221;50px&#8221; header_font_size_phone=&#8221;35px&#8221; header_font_size_last_edited=&#8221;on|phone&#8221; header_2_font_size_tablet=&#8221;45px&#8221; header_2_font_size_phone=&#8221;32px&#8221; header_2_font_size_last_edited=&#8221;on|phone&#8221; header_3_font_size_tablet=&#8221;&#8221; header_3_font_size_phone=&#8221;30px&#8221; header_3_font_size_last_edited=&#8221;on|phone&#8221; header_3_line_height_tablet=&#8221;&#8221; header_3_line_height_phone=&#8221;1.1em&#8221; header_3_line_height_last_edited=&#8221;on|phone&#8221; global_colors_info=&#8221;{}&#8221;]<\/p>\n<h1>Conditions g\u00e9n\u00e9rales<\/h1>\n<p>[\/et_pb_text][et_pb_text _builder_version=&#8221;4.16&#8243; _module_preset=&#8221;default&#8221; text_font=&#8221;Hind|300|||||||&#8221; text_text_color=&#8221;#4d4d4d&#8221; text_font_size=&#8221;18px&#8221; text_line_height=&#8221;1.8em&#8221; header_2_font=&#8221;Josefin Sans||||||||&#8221; header_2_text_align=&#8221;center&#8221; header_2_text_color=&#8221;#b54d30&#8243; header_2_font_size=&#8221;30px&#8221; header_3_font=&#8221;Josefin Sans||||||||&#8221; header_3_text_align=&#8221;center&#8221; header_3_text_color=&#8221;#b54d30&#8243; text_orientation=&#8221;center&#8221; max_width=&#8221;850px&#8221; module_alignment=&#8221;center&#8221; custom_margin=&#8221;56px||||false|false&#8221; custom_margin_tablet=&#8221;-15px||||false|false&#8221; custom_margin_phone=&#8221;-15px||||false|false&#8221; custom_margin_last_edited=&#8221;on|phone&#8221; text_font_size_tablet=&#8221;18px&#8221; text_font_size_phone=&#8221;16px&#8221; text_font_size_last_edited=&#8221;on|phone&#8221; header_3_font_size_tablet=&#8221;&#8221; header_3_font_size_phone=&#8221;30px&#8221; header_3_font_size_last_edited=&#8221;on|phone&#8221; header_3_line_height_tablet=&#8221;&#8221; header_3_line_height_phone=&#8221;1.1em&#8221; header_3_line_height_last_edited=&#8221;on|phone&#8221; global_colors_info=&#8221;{}&#8221;]<\/p>\n<h2 style=\"text-align: left;\">1. Usage des biens lou\u00e9s<\/h2>\n<p style=\"text-align: left;\">Le locataire use du bien lou\u00e9 conform\u00e9ment \u00e0 sa destination et en bon p\u00e8re de famille. Si le nombre d\u2019occupants effectifs par location est sup\u00e9rieur \u00e0 la capacit\u00e9 d\u2019accueil pr\u00e9cis\u00e9e dans le pr\u00e9sent contrat, le propri\u00e9taire se r\u00e9serve le droit de refuser les personnes suppl\u00e9mentaires sans accord pr\u00e9alable, ou de r\u00e9clamer un suppl\u00e9ment de prix compensatoire. Toute infraction \u00e0 cette clause peut entra\u00eener la r\u00e9siliation imm\u00e9diate du pr\u00e9sent contrat, aux torts du locataire, le montant de la location restant d\u00e9finitivement acquis au propri\u00e9taire.<\/p>\n<h3 style=\"text-align: left;\">Dur\u00e9e du s\u00e9jour<\/h3>\n<p style=\"text-align: left;\">Le locataire signataire du pr\u00e9sent contrat conclu pour une dur\u00e9e d\u00e9termin\u00e9e ne pourra en aucune circonstance se pr\u00e9valoir d\u2019un quelconque droit au maintien dans les lieux \u00e0 l\u2019issue du s\u00e9jour.<\/p>\n<h3 style=\"text-align: left;\">Arriv\u00e9e<\/h3>\n<p style=\"text-align: left;\">Le locataire doit se pr\u00e9senter le jour pr\u00e9cis\u00e9, et l\u2019heure mentionn\u00e9e sur le pr\u00e9sent contrat. En cas d\u2019arriv\u00e9e tardive ou diff\u00e9r\u00e9e, le locataire doit pr\u00e9venir le propri\u00e9taire.<\/p>\n<h3 style=\"text-align: left;\">Fiche d\u2019h\u00e9bergement<\/h3>\n<p style=\"text-align: left;\">Conform\u00e9ment \u00e0 la Loi du 01-03-2007 et \u00e0 son Arr\u00eat\u00e9 Royal d\u2019application du 27-04-2007 r\u00e9glementant l\u2019enregistrement et le contr\u00f4le des voyageurs, il est imp\u00e9ratif de compl\u00e9ter la fiche d\u2019h\u00e9bergement avant le d\u00e9but du s\u00e9jour (nom, pr\u00e9nom, lieu, date de naissance, nationalit\u00e9, num\u00e9ro du document d\u2019identit\u00e9 de tous les participants).<\/p>\n<p style=\"text-align: left;\">En cas de d\u00e9faillance du loueur principal, les co-h\u00e9bergeurs s\u2019engagent financi\u00e8rement \u00e0 assurer le remboursement de tout d\u00e9g\u00e2ts occasionn\u00e9s au bien lou\u00e9.<\/p>\n<h2 style=\"text-align: left;\">2. Animaux<\/h2>\n<p style=\"text-align: left;\">Les animaux domestiques ne sont pas admis.<\/p>\n<p style=\"text-align: left;\">Toute infraction \u00e0 cette clause entra\u00eene la r\u00e9siliation aux torts du locataire, le montant de la location restant d\u00e9finitivement acquis au propri\u00e9taire.<\/p>\n<h2 style=\"text-align: left;\">3. Caution<\/h2>\n<p style=\"text-align: left;\">Avant l\u2019arriv\u00e9e ou lors de l\u2019arriv\u00e9e, outre le solde du loyer, une caution de 200\u20ac est exig\u00e9e par le propri\u00e9taire.<\/p>\n<p style=\"text-align: left;\">La caution est payable en esp\u00e8ces.<\/p>\n<p style=\"text-align: left;\">La caution est rembours\u00e9e dans les 7 jours ouvrable du d\u00e9part ou vers\u00e9e au compte financier indiqu\u00e9 par le locataire au recto du pr\u00e9sent contrat qui suivent la fin du s\u00e9jour, d\u00e9duction faite toutefois du co\u00fbt de remise en \u00e9tat \u00e9ventuel de l\u2018h\u00e9bergement et des d\u00e9t\u00e9riorations qui auront \u00e9t\u00e9 constat\u00e9es au moyen d\u2019un inventaire des lieux r\u00e9alis\u00e9 par le propri\u00e9taire ou par une personne mandat\u00e9e par le propri\u00e9taire.<\/p>\n<h2 style=\"text-align: left;\">4. Modalit\u00e9 de conclusion du pr\u00e9sent contrat<\/h2>\n<p style=\"text-align: left;\">Le propri\u00e9taire adresse deux exemplaires du contrat, d\u00fbment compl\u00e9t\u00e9s et sign\u00e9s par lui.<\/p>\n<p style=\"text-align: left;\">Le locataire renvoie au propri\u00e9taire, dans un d\u00e9lai maximum de 10 jours suivant la date de r\u00e9ception du contrat, un exemplaire compl\u00e9t\u00e9 et sign\u00e9 par lui.<\/p>\n<p style=\"text-align: left;\">Le locataire paie l\u2019acompte dans le m\u00eame d\u00e9lai. Le solde est exigible 30 jours avant l\u2019entr\u00e9e en jouissance, \u00e0 l\u2019exception toutefois des r\u00e9servations tardives auquel cas le montant total de la location sera pay\u00e9 \u00e0 l\u2018arriv\u00e9e. De m\u00eame, la caution doit \u00eatre r\u00e9gl\u00e9e suivant les modalit\u00e9s pr\u00e9vues au paragraphe 3 du pr\u00e9sent contrat de location.<\/p>\n<p style=\"text-align: left;\">Si le propri\u00e9taire ne re\u00e7oit pas d\u2019exemplaire du contrat lui revenant ou l\u2019acompte dans le d\u00e9lai imparti, il pourra se d\u00e9sister par simple lettre ou mail end\u00e9ans les 8 jours qui suivent la date du paiement tardif de l\u2019acompte ou du renvoi du contrat sign\u00e9 par le locataire.<\/p>\n<h2 style=\"text-align: left;\">5. \u00c9tat des lieux<\/h2>\n<p style=\"text-align: left;\">II est proc\u00e9d\u00e9, au d\u00e9but et \u00e0 la fin du s\u00e9jour, \u00e0 un \u00e9tat des lieux de l\u2019\u00e9quipement du bien lou\u00e9 par le propri\u00e9taire ou par une personne mandat\u00e9e par le propri\u00e9taire. Le bien lou\u00e9 doit \u00eatre restituer dans le m\u00eame \u00e9tat que lors d\u2019entr\u00e9e en jouissance. Le nettoyage poussi\u00e8re sol et linge est \u00e0 charge du propri\u00e9taire. Le rangement, la vaisselle et le nettoyage des plans de travail cuisine et tables sont \u00e0 charge du locataire, la vaisselle propre doit \u00eatre rang\u00e9e, uniquement sa place, dans les armoires. Les poubelles doivent \u00eatre sortie sur la terrasse pr\u00e8s du barbecue (BBQ).<\/p>\n<p style=\"text-align: left;\">Le locataire devra r\u00e9pondre de toute perte ou d\u00e9g\u00e2t. Toute anomalie doit \u00eatre signal\u00e9e au propri\u00e9taire ou \u00e0 son repr\u00e9sentant, au plus tard \u00e0 10h le lendemain du jour de l\u2019arriv\u00e9e.<\/p>\n<p style=\"text-align: left;\">Un dossier photos ou vid\u00e9o peux \u00e9galement \u00eatre r\u00e9alis\u00e9 pour compl\u00e9ter le document ci-dessus.<\/p>\n<h2 style=\"text-align: left;\">6. Annulation \u2013 D\u00e9part pr\u00e9matur\u00e9<\/h2>\n<p style=\"text-align: left;\">Toute annulation doit \u00eatre notifi\u00e9e par lettre recommand\u00e9e confirm\u00e9 par la poste ou courrier \u00e9lectronique avec accus\u00e9 de r\u00e9ception.<\/p>\n<p style=\"text-align: left;\">Le locataire peut, moyennant accord du propri\u00e9taire, substituer toute personne qui accepte de contracter aux m\u00eames conditions. Dans ce cas, l\u2019acompte est r\u00e9put\u00e9 pay\u00e9 par le locataire substitu\u00e9. Le locataire peut aussi c\u00e9der sa jouissance \u00e0 toute personne agr\u00e9\u00e9e par le propri\u00e9taire, y compris durant la p\u00e9riode de validit\u00e9 du contrat, en restant personnellement tenu de ses obligations \u00e0 l\u2019\u00e9gard du propri\u00e9taire.<\/p>\n<p style=\"text-align: left;\">Dans les autres cas, l\u2019acompte de 25 % reste acquis au propri\u00e9taire \u00e0 titre d\u2019indemnit\u00e9. Cette indemnit\u00e9 est port\u00e9e \u00e0 50 % du prix du s\u00e9jour si l\u2019annulation intervient de 29 \u00e0 15 jours avant le d\u00e9but du s\u00e9jour. 75 % du prix du s\u00e9jour si l\u2019annulation intervient de 14 \u00e0 8 jours avant le d\u00e9but du s\u00e9jour. 100 % du prix du s\u00e9jour si l\u2019annulation intervient de 7 jours avant le d\u00e9but du s\u00e9jour au jour du d\u00e9but du s\u00e9jour inclus ou en cas de non-pr\u00e9sentation au lieu du s\u00e9jour.<\/p>\n<p style=\"text-align: left;\">Si l\u2019annulation est le fait du propri\u00e9taire, celui-ci restitue l\u2019acompte pay\u00e9 et une indemnit\u00e9 \u00e9quivalente, port\u00e9e \u00e0 50 % du prix du s\u00e9jour si l\u2019annulation intervient de 29 jours \u00e0 15 jours avant le d\u00e9but du s\u00e9jour. 7 5% du prix du s\u00e9jour si l\u2019annulation intervient de 14 \u00e0 8 jours avant le d\u00e9but du s\u00e9jour. 90 % du prix du s\u00e9jour si l\u2019annulation intervient de 7 jours avant le d\u00e9but du s\u00e9jour au jour du d\u00e9but du s\u00e9jour inclus. L\u2019indemnit\u00e9 n\u2019est toutefois pas due en cas de force majeure.<\/p>\n<p style=\"text-align: left;\">Si le locataire ne se manifeste pas dans les 24 heures qui suivent la date d\u2019arriv\u00e9e mentionn\u00e9e sur le contrat, le contrat devient nul, l\u2019acompte reste acquis au propri\u00e9taire qui se r\u00e9serve le droit de r\u00e9clamer le solde au locataire, le propri\u00e9taire peut disposer de son bien.<\/p>\n<p style=\"text-align: left;\">Le d\u00e9part pr\u00e9matur\u00e9 du locataire, et ce, quelle qu\u2019en soit la raison, n\u2019entra\u00eene aucun remboursement \u2013 m\u00eame partiel \u2013 du prix du s\u00e9jour.<\/p>\n<h2 style=\"text-align: left;\">7. Responsabilit\u00e9 \u2013 Assurances<\/h2>\n<p style=\"text-align: left;\">Le locataire occupe les lieux en bon p\u00e8re de famille. II engage sa responsabilit\u00e9 pour le bien lou\u00e9, l\u2019\u00e9quipement et le terrain mis \u00e0 sa disposition. II rembourse au propri\u00e9taire tous les frais occasionn\u00e9s par sa n\u00e9gligence et s\u2019engage \u00e0 signaler les d\u00e9g\u00e2ts \u00e9ventuels. Par la prise en location du g\u00eete, le locataire est l\u00e9galement tenu de le restituer dans l\u2019\u00e9tat dans lequel il l\u2019a re\u00e7u.<\/p>\n<p style=\"text-align: left;\">Le locataire est tenu d\u2019\u00eatre assur\u00e9 par un contrat d\u2019assurance type vill\u00e9giature pour ces diff\u00e9rents risques.<\/p>\n<p style=\"text-align: left;\">Lors de la location du gite par un groupe, toutes les personnes sont tenues coresponsable du maintien en bon p\u00e8re de famille des installations et de son environnement et pourront \u00eatre tenu individuellement et\/ou conjointement responsable pour toute d\u00e9gradation et\/ou non-respect des r\u00e8gles du gite.<\/p>\n<h2 style=\"text-align: left;\">8. Respect du voisinage et de l\u2019environnement<\/h2>\n<p style=\"text-align: left;\">Le g\u00eete est non-fumeurs une indemnit\u00e9 de 250 EUR par infraction sera demand\u00e9e au locataire.<\/p>\n<p style=\"text-align: left;\">Le locataire s\u2019engage \u00e0 adopter un comportement respectueux des habitants et de l\u2019environnement en g\u00e9n\u00e9ral : faune, flore, \u00e9quipements.<\/p>\n<p style=\"text-align: left;\">Le tapage nocturne n\u2019est pas tol\u00e9r\u00e9 et en cas de non-respect de cette clause, le propri\u00e9taire se r\u00e9serve le droit d\u2019exclusion sans indemnit\u00e9, et d\u2019une indemnit\u00e9 de 250 EUR par intervention sera demand\u00e9e au locataire.<\/p>\n<h2 style=\"text-align: left;\">9. Litiges<\/h2>\n<p style=\"text-align: left;\">A d\u00e9faut d\u2019accord \u00e0 l\u2019amiable entre parties, seuls les tribunaux de l\u2019arrondissement judiciaire du lieu o\u00f9 se trouve l\u2019immeuble sont comp\u00e9tents.<\/p>\n<p>[\/et_pb_text][\/et_pb_column][\/et_pb_row][\/et_pb_section][et_pb_section fb_built=&#8221;1&#8243; specialty=&#8221;on&#8221; module_id=&#8221;reservation&#8221; _builder_version=&#8221;4.16&#8243; _module_preset=&#8221;default&#8221; background_enable_color=&#8221;off&#8221; background_image=&#8221;https:\/\/giteaufonddujardin.be\/wp-content\/uploads\/2022\/02\/gite-profondeville-au-fond-du-jardin-015.jpg&#8221; parallax=&#8221;on&#8221; parallax_method=&#8221;off&#8221; global_colors_info=&#8221;{}&#8221;][et_pb_column type=&#8221;1_2&#8243; _builder_version=&#8221;4.16&#8243; custom_padding=&#8221;|||&#8221; global_colors_info=&#8221;{}&#8221; custom_padding__hover=&#8221;|||&#8221;][\/et_pb_column][et_pb_column type=&#8221;1_2&#8243; specialty_columns=&#8221;2&#8243; _builder_version=&#8221;4.16&#8243; custom_padding=&#8221;|||&#8221; global_colors_info=&#8221;{}&#8221; custom_padding__hover=&#8221;|||&#8221;][et_pb_row_inner _builder_version=&#8221;4.16&#8243; _module_preset=&#8221;default&#8221; background_color=&#8221;#FFFFFF&#8221; custom_padding=&#8221;|20px|24px|20px|false|true&#8221; global_colors_info=&#8221;{}&#8221;][et_pb_column_inner saved_specialty_column_type=&#8221;1_2&#8243; _builder_version=&#8221;4.16&#8243; _module_preset=&#8221;default&#8221; global_colors_info=&#8221;{}&#8221;][et_pb_text _builder_version=&#8221;4.16&#8243; _module_preset=&#8221;default&#8221; text_font=&#8221;Hind|300|||||||&#8221; text_text_color=&#8221;#4d4d4d&#8221; text_font_size=&#8221;18px&#8221; text_line_height=&#8221;1.6em&#8221; header_2_font=&#8221;Josefin Sans|300|||||||&#8221; header_2_text_align=&#8221;center&#8221; header_2_text_color=&#8221;#b54d30&#8243; header_2_font_size=&#8221;40px&#8221; header_3_font=&#8221;Cormorant||||||||&#8221; header_3_text_align=&#8221;center&#8221; header_3_text_color=&#8221;#000000&#8243; header_3_font_size=&#8221;43px&#8221; text_orientation=&#8221;center&#8221; header_2_font_size_tablet=&#8221;40px&#8221; header_2_font_size_phone=&#8221;30px&#8221; header_2_font_size_last_edited=&#8221;on|phone&#8221; header_3_font_size_tablet=&#8221;43px&#8221; header_3_font_size_phone=&#8221;30px&#8221; header_3_font_size_last_edited=&#8221;on|phone&#8221; header_3_line_height_tablet=&#8221;&#8221; header_3_line_height_phone=&#8221;1.1em&#8221; header_3_line_height_last_edited=&#8221;on|phone&#8221; global_colors_info=&#8221;{}&#8221;]<\/p>\n<h2><span lang=\"EN-US\">Wenst u een verblijf in onze ongewone g\u00eete boeken en Walloni\u00eb op een andere manier ontdekken? <\/span><\/h2>\n<p>[\/et_pb_text][et_pb_text _builder_version=&#8221;4.16&#8243; _module_preset=&#8221;default&#8221; text_font=&#8221;Hind||||||||&#8221; text_orientation=&#8221;center&#8221; global_colors_info=&#8221;{}&#8221;]<\/p>\n<p>Wenst u een kort of lang verblijf in de g\u00eete &#8221; Au Fond du Jardin&#8221; ? Gelieve het onderstaande formulier in te vullen.<br \/>Wij zullen u zo spoedig mogelijk contacteren.<\/p>\n<p>[\/et_pb_text][et_pb_wpt_gravityform gravityform_id=&#8221;gf-1&#8243; title=&#8221;off&#8221; description=&#8221;off&#8221; field_container_custom_margin=&#8221;5px|0|0|0|false|false&#8221; input_container_custom_margin=&#8221;0px|0|0|0|false|false&#8221; text_input_custom_padding=&#8221;5px|5px|5px|5px|true|true&#8221; sub_label_custom_margin=&#8221;1px|0|1px|1px|false|false&#8221; field_description_custom_padding=&#8221;5px|0|0|0|false|false&#8221; _builder_version=&#8221;4.16&#8243; _module_preset=&#8221;default&#8221; label_font=&#8221;Josefin Sans|700|||||||&#8221; label_text_color=&#8221;#4d868c&#8221; custom_form_button=&#8221;on&#8221; form_button_text_size=&#8221;14px&#8221; form_button_text_color=&#8221;#FFFFFF&#8221; form_button_bg_color=&#8221;#4d868c&#8221; form_button_font=&#8221;Josefin Sans|||on|||||&#8221; custom_padding=&#8221;||0px|||&#8221; global_colors_info=&#8221;{}&#8221;][\/et_pb_wpt_gravityform][\/et_pb_column_inner][\/et_pb_row_inner][et_pb_row_inner column_structure=&#8221;1_2,1_2&#8243; _builder_version=&#8221;4.16&#8243; _module_preset=&#8221;default&#8221; background_color=&#8221;#FFFFFF&#8221; custom_padding=&#8221;0px||20px||false|false&#8221; global_colors_info=&#8221;{}&#8221;][et_pb_column_inner type=&#8221;1_2&#8243; saved_specialty_column_type=&#8221;1_2&#8243; _builder_version=&#8221;4.16&#8243; _module_preset=&#8221;default&#8221; background_color=&#8221;#FFFFFF&#8221; custom_padding=&#8221;|||10px|false|false&#8221; global_colors_info=&#8221;{}&#8221;][et_pb_blurb use_icon=&#8221;on&#8221; font_icon=&#8221;&#xe081;||divi||400&#8243; icon_color=&#8221;#4d868c&#8221; icon_placement=&#8221;left&#8221; image_icon_width=&#8221;20px&#8221; content_max_width=&#8221;100%&#8221; _builder_version=&#8221;4.16&#8243; header_font=&#8221;Josefin Sans||||||||&#8221; header_text_align=&#8221;center&#8221; header_text_color=&#8221;#FFFFFF&#8221; header_font_size=&#8221;19px&#8221; header_line_height=&#8221;2.4em&#8221; body_font=&#8221;Hind||||||||&#8221; body_text_align=&#8221;left&#8221; body_text_color=&#8221;#4d868c&#8221; custom_margin=&#8221;||||false|false&#8221; custom_margin_tablet=&#8221;|||0px|false|false&#8221; custom_margin_phone=&#8221;|||0px|false|false&#8221; custom_margin_last_edited=&#8221;on|phone&#8221; animation=&#8221;off&#8221; body_font_size_tablet=&#8221;15px&#8221; body_font_size_phone=&#8221;15px&#8221; body_font_size_last_edited=&#8221;on|desktop&#8221; border_width_right_image=&#8221;15px&#8221; border_color_right_image=&#8221;rgba(0,0,0,0)&#8221; image_max_width=&#8221;50px&#8221; global_colors_info=&#8221;{}&#8221;]<\/p>\n<p>Rue de la Laiterie 12b<br \/>5170 Rivi\u00e8re<\/p>\n<p>[\/et_pb_blurb][\/et_pb_column_inner][et_pb_column_inner type=&#8221;1_2&#8243; saved_specialty_column_type=&#8221;1_2&#8243; _builder_version=&#8221;4.16&#8243; _module_preset=&#8221;default&#8221; background_color=&#8221;#FFFFFF&#8221; global_colors_info=&#8221;{}&#8221;][et_pb_blurb url=&#8221;tel:+32477384020&#8243; use_icon=&#8221;on&#8221; font_icon=&#8221;&#xf879;||fa||900&#8243; icon_color=&#8221;#4d868c&#8221; icon_placement=&#8221;left&#8221; image_icon_width=&#8221;20px&#8221; content_max_width=&#8221;100%&#8221; _builder_version=&#8221;4.16&#8243; header_font=&#8221;Josefin Sans||||||||&#8221; header_text_align=&#8221;center&#8221; header_text_color=&#8221;#FFFFFF&#8221; header_font_size=&#8221;19px&#8221; header_line_height=&#8221;2.4em&#8221; body_font=&#8221;Hind||||||||&#8221; body_text_align=&#8221;left&#8221; body_text_color=&#8221;#4d868c&#8221; custom_margin=&#8221;||||false|false&#8221; custom_margin_tablet=&#8221;|||0px|false|false&#8221; custom_margin_phone=&#8221;|||0px|false|false&#8221; custom_margin_last_edited=&#8221;on|phone&#8221; custom_padding=&#8221;|||15px|false|false&#8221; animation=&#8221;off&#8221; body_font_size_tablet=&#8221;15px&#8221; body_font_size_phone=&#8221;15px&#8221; body_font_size_last_edited=&#8221;on|phone&#8221; border_width_right_image=&#8221;15px&#8221; border_color_right_image=&#8221;rgba(0,0,0,0)&#8221; image_max_width=&#8221;50px&#8221; global_colors_info=&#8221;{}&#8221;]<\/p>\n<p>0477 38 40 20<\/p>\n<p>[\/et_pb_blurb][\/et_pb_column_inner][\/et_pb_row_inner][\/et_pb_column][\/et_pb_section]<\/p>\n","protected":false},"excerpt":{"rendered":"<p>Conditions g\u00e9n\u00e9rales1. Usage des biens lou\u00e9s Le locataire use du bien lou\u00e9 conform\u00e9ment \u00e0 sa destination et en bon p\u00e8re de famille. Si le nombre d\u2019occupants effectifs par location est sup\u00e9rieur \u00e0 la capacit\u00e9 d\u2019accueil pr\u00e9cis\u00e9e dans le pr\u00e9sent contrat, le propri\u00e9taire se r\u00e9serve le droit de refuser les personnes suppl\u00e9mentaires sans accord pr\u00e9alable, ou [&hellip;]<\/p>\n","protected":false},"author":1,"featured_media":0,"parent":0,"menu_order":0,"comment_status":"closed","ping_status":"closed","template":"","meta":{"_et_pb_use_builder":"on","_et_pb_old_content":"","_et_gb_content_width":"","footnotes":""},"class_list":["post-776","page","type-page","status-publish","hentry"],"_links":{"self":[{"href":"https:\/\/giteaufonddujardin.be\/nl\/wp-json\/wp\/v2\/pages\/776","targetHints":{"allow":["GET"]}}],"collection":[{"href":"https:\/\/giteaufonddujardin.be\/nl\/wp-json\/wp\/v2\/pages"}],"about":[{"href":"https:\/\/giteaufonddujardin.be\/nl\/wp-json\/wp\/v2\/types\/page"}],"author":[{"embeddable":true,"href":"https:\/\/giteaufonddujardin.be\/nl\/wp-json\/wp\/v2\/users\/1"}],"replies":[{"embeddable":true,"href":"https:\/\/giteaufonddujardin.be\/nl\/wp-json\/wp\/v2\/comments?post=776"}],"version-history":[{"count":0,"href":"https:\/\/giteaufonddujardin.be\/nl\/wp-json\/wp\/v2\/pages\/776\/revisions"}],"wp:attachment":[{"href":"https:\/\/giteaufonddujardin.be\/nl\/wp-json\/wp\/v2\/media?parent=776"}],"curies":[{"name":"wp","href":"https:\/\/api.w.org\/{rel}","templated":true}]}}